{"id":45,"date":"2021-02-28T21:43:38","date_gmt":"2021-02-28T21:43:38","guid":{"rendered":"http:\/\/ellibeninca.com.br\/site\/?page_id=45"},"modified":"2021-03-14T15:06:46","modified_gmt":"2021-03-14T15:06:46","slug":"capitulos-em-livros","status":"publish","type":"page","link":"https:\/\/ellibeninca.com.br\/site\/capitulos-em-livros\/","title":{"rendered":"Cap\u00edtulos em livros"},"content":{"rendered":"\t\t<div data-elementor-type=\"wp-page\" data-elementor-id=\"45\" class=\"elementor elementor-45\" data-elementor-post-type=\"page\">\n\t\t\t\t\t\t<section class=\"elementor-section elementor-top-section elementor-element elementor-element-1e0f50e elementor-section-boxed elementor-section-height-default elementor-section-height-default\" data-id=\"1e0f50e\" data-element_type=\"section\">\n\t\t\t\t\t\t\t<div class=\"elementor-background-overlay\"><\/div>\n\t\t\t\t\t\t\t<div class=\"elementor-container elementor-column-gap-default\">\n\t\t\t\t\t<div class=\"elementor-column elementor-col-100 elementor-top-column elementor-element elementor-element-d34c361\" data-id=\"d34c361\" data-element_type=\"column\">\n\t\t\t<div class=\"elementor-widget-wrap elementor-element-populated\">\n\t\t\t\t\t\t<div class=\"elementor-element elementor-element-295d27f elementor-widget elementor-widget-spacer\" data-id=\"295d27f\" data-element_type=\"widget\" data-widget_type=\"spacer.default\">\n\t\t\t\t<div class=\"elementor-widget-container\">\n\t\t\t\t\t\t\t<div class=\"elementor-spacer\">\n\t\t\t<div class=\"elementor-spacer-inner\"><\/div>\n\t\t<\/div>\n\t\t\t\t\t\t<\/div>\n\t\t\t\t<\/div>\n\t\t\t\t\t<\/div>\n\t\t<\/div>\n\t\t\t\t\t<\/div>\n\t\t<\/section>\n\t\t\t\t<section class=\"elementor-section elementor-top-section elementor-element elementor-element-0ad2f35 elementor-section-boxed elementor-section-height-default elementor-section-height-default\" data-id=\"0ad2f35\" data-element_type=\"section\">\n\t\t\t\t\t\t<div class=\"elementor-container elementor-column-gap-default\">\n\t\t\t\t\t<div class=\"elementor-column elementor-col-100 elementor-top-column elementor-element elementor-element-80c6d16\" data-id=\"80c6d16\" data-element_type=\"column\">\n\t\t\t<div class=\"elementor-widget-wrap elementor-element-populated\">\n\t\t\t\t\t\t<div class=\"elementor-element elementor-element-94beae3 elementor-widget elementor-widget-text-editor\" data-id=\"94beae3\" data-element_type=\"widget\" data-widget_type=\"text-editor.default\">\n\t\t\t\t<div class=\"elementor-widget-container\">\n\t\t\t\t\t\t\t\t\t<p><strong><a href=\"http:\/\/ellibeninca.com.br\/site\/livros-publicados\/\">Livros &#8211; obras autorais<\/a>\u00a0 |\u00a0 <a href=\"http:\/\/ellibeninca.com.br\/site\/livros-sobre-o-elli-beninca\/\">Livros sobre o Elli Beninc\u00e1<\/a>\u00a0 |\u00a0 <a href=\"http:\/\/ellibeninca.com.br\/site\/capitulos-em-livros\/\">Cap\u00edtulos em livros<\/a><\/strong><\/p>\t\t\t\t\t\t\t\t<\/div>\n\t\t\t\t<\/div>\n\t\t\t\t\t<\/div>\n\t\t<\/div>\n\t\t\t\t\t<\/div>\n\t\t<\/section>\n\t\t\t\t<section class=\"elementor-section elementor-top-section elementor-element elementor-element-4bbd1cb elementor-section-boxed elementor-section-height-default elementor-section-height-default\" data-id=\"4bbd1cb\" data-element_type=\"section\">\n\t\t\t\t\t\t<div class=\"elementor-container elementor-column-gap-default\">\n\t\t\t\t\t<div class=\"elementor-column elementor-col-100 elementor-top-column elementor-element elementor-element-cd0dda2\" data-id=\"cd0dda2\" data-element_type=\"column\">\n\t\t\t<div class=\"elementor-widget-wrap elementor-element-populated\">\n\t\t\t\t\t\t<div class=\"elementor-element elementor-element-ae3fec5 elementor-widget elementor-widget-spacer\" data-id=\"ae3fec5\" data-element_type=\"widget\" data-widget_type=\"spacer.default\">\n\t\t\t\t<div class=\"elementor-widget-container\">\n\t\t\t\t\t\t\t<div class=\"elementor-spacer\">\n\t\t\t<div class=\"elementor-spacer-inner\"><\/div>\n\t\t<\/div>\n\t\t\t\t\t\t<\/div>\n\t\t\t\t<\/div>\n\t\t\t\t\t<\/div>\n\t\t<\/div>\n\t\t\t\t\t<\/div>\n\t\t<\/section>\n\t\t\t\t<section class=\"elementor-section elementor-top-section elementor-element elementor-element-bfc34c4 elementor-section-boxed elementor-section-height-default elementor-section-height-default\" data-id=\"bfc34c4\" data-element_type=\"section\">\n\t\t\t\t\t\t<div class=\"elementor-container elementor-column-gap-default\">\n\t\t\t\t\t<div class=\"elementor-column elementor-col-100 elementor-top-column elementor-element elementor-element-96bad32\" data-id=\"96bad32\" data-element_type=\"column\">\n\t\t\t<div class=\"elementor-widget-wrap elementor-element-populated\">\n\t\t\t\t\t\t<div class=\"elementor-element elementor-element-76c9d07 elementor-widget elementor-widget-heading\" data-id=\"76c9d07\" data-element_type=\"widget\" data-widget_type=\"heading.default\">\n\t\t\t\t<div class=\"elementor-widget-container\">\n\t\t\t\t\t<h4 class=\"elementor-heading-title elementor-size-default\">Elli Beninc\u00e1<\/h4>\t\t\t\t<\/div>\n\t\t\t\t<\/div>\n\t\t\t\t<div class=\"elementor-element elementor-element-4fda01f elementor-widget elementor-widget-heading\" data-id=\"4fda01f\" data-element_type=\"widget\" data-widget_type=\"heading.default\">\n\t\t\t\t<div class=\"elementor-widget-container\">\n\t\t\t\t\t<h3 class=\"elementor-heading-title elementor-size-default\">Cap\u00edtulos em livros<\/h3>\t\t\t\t<\/div>\n\t\t\t\t<\/div>\n\t\t\t\t\t<\/div>\n\t\t<\/div>\n\t\t\t\t\t<\/div>\n\t\t<\/section>\n\t\t\t\t<section class=\"elementor-section elementor-top-section elementor-element elementor-element-fbcda01 elementor-section-boxed elementor-section-height-default elementor-section-height-default\" data-id=\"fbcda01\" data-element_type=\"section\">\n\t\t\t\t\t\t<div class=\"elementor-container elementor-column-gap-default\">\n\t\t\t\t\t<div class=\"elementor-column elementor-col-100 elementor-top-column elementor-element elementor-element-b6ff1d5\" data-id=\"b6ff1d5\" data-element_type=\"column\">\n\t\t\t<div class=\"elementor-widget-wrap elementor-element-populated\">\n\t\t\t\t\t\t<div class=\"elementor-element elementor-element-7485677 elementor-widget elementor-widget-text-editor\" data-id=\"7485677\" data-element_type=\"widget\" data-widget_type=\"text-editor.default\">\n\t\t\t\t<div class=\"elementor-widget-container\">\n\t\t\t\t\t\t\t\t\t<table width=\"928\"><tbody><tr><td width=\"316\">REFER\u00caNCIA DO LIVRO<\/td><td width=\"176\">AUTOR DO CAP\u00cdTULO<\/td><td width=\"122\">T\u00cdTULO DO CAP\u00cdTULO<\/td><td width=\"79\">P\u00c1GINA<\/td><td width=\"64\">ANO<\/td><td width=\"171\">ACERVO DA FAM\u00cdLIA?<\/td><\/tr><tr><td width=\"316\">BENINC\u00c1, Elli (Coord.).\u00a0Religiosidade &amp; sa\u00fade popular.\u00a0Passo Fundo: Ed. Universidade de Passo Fundo, 1991. 125 p. (Cultura e Religiosidade Popular).<\/td><td width=\"176\">BENINC\u00c1, E.; Grupo de Pesquisa\u00a0<\/td><td width=\"122\">Pr\u00e1ticas de religiosidade e sa\u00fade popular<\/td><td>p. 77-102<\/td><td>1991<\/td><td>SIM<\/td><\/tr><tr><td width=\"316\">BENINC\u00c1, Elli (Org.). Cultura e educa\u00e7\u00e3o popular. Passo Fundo: Ed. Universidade de Passo Fundo, 1992. 148 p. (Cultura e Religiosidade Popular ; 2)<\/td><td width=\"176\">BENINC\u00c1, E.<\/td><td width=\"122\">A forma\u00e7\u00e3o hist\u00f3rico-cultural de Passo Fundo<\/td><td>p. 79-98<\/td><td>1992<\/td><td>SIM<\/td><\/tr><tr><td width=\"316\">MARCON, Telmo (Coord.).\u00a0Hist\u00f3ria e cultura Kaing\u00e1ng\u00a0no sul do Brasil. Passo Fundo: Ed. Universidade de Passo Fundo, 1994. 278 p. (Cultura e religiosidade popular ; 3)<\/td><td width=\"176\">BENINC\u00c1, E.; MORO, S. M. D. ; LONGHI, S. M. ; DALBOSCO, C. A.\u00a0<\/td><td width=\"122\">O religioso no mundo dos Kaing\u00e1ng<\/td><td>p. 213-228<\/td><td>1994<\/td><td>SIM<\/td><\/tr><tr><td width=\"316\">RAYS, Oswaldo Alonso; GOERGEN, Pedro (Coord.). Trabalho pedag\u00f3gico: realidades e perspectivas. Porto Alegre: Sulina, 1999. 302 p.<\/td><td width=\"176\">BENINC\u00c1, E.<\/td><td width=\"122\">A ressignifica\u00e7\u00e3o da a\u00e7\u00e3o pol\u00edtica no acampamento Natalino<\/td><td>p. 267-288<\/td><td>1999<\/td><td>SIM<\/td><\/tr><tr><td width=\"316\">ANDREOLA, Baldu\u00edno A. Educa\u00e7\u00e3o, cultura e resist\u00eancia: uma abordagem terceiromundista. Santa Maria: Pallotti, 2002. 208 p.\u00a0<\/td><td width=\"176\">BENINC\u00c1, E.<\/td><td width=\"122\">O senso comum e suas articula\u00e7\u00f5es de resist\u00eancia aos processos de transforma\u00e7\u00e3o<\/td><td>p. 61-80<\/td><td>2002<\/td><td>SIM<\/td><\/tr><tr><td width=\"316\">F\u00c1VERO, Altair Alberto; TROMBETTA, Gerson Lu\u00eds; RAUBER, Jaime Jos\u00e9 (Org.). Filosofia e racionalidade: Festschrift em homenagem aos 45 anos do curso de filosofia da Universidade de Passo Fundo. Passo Fundo: Ed. Universidade de Passo Fundo, 2002. 216 p. (Filosofia)<\/td><td width=\"176\">BENINC\u00c1, E.; Grupo de Pesquisa\u00a0<\/td><td width=\"122\">O di\u00e1logo como princ\u00edpio pedag\u00f3gico<\/td><td>p. 107-118<\/td><td>2002<\/td><td>N\u00c3O<\/td><\/tr><tr><td width=\"316\">F\u00c1VERO, Altair Alberto; RAUBER, Jaime Jos\u00e9; KOHAN, Walter Omar (Coord.). Um olhar sobre o ensino de filosofia. Iju\u00ed: Ed. Universidade Regional do Noroeste do Estado do Rio Grande do Sul, 2002. 296 p. (Filosofia e ensino)<\/td><td width=\"176\">BENINC\u00c1, E.<\/td><td width=\"122\">A forma\u00e7\u00e3o do professor de filosofia<\/td><td>p. 275-284<\/td><td>2002<\/td><td>N\u00c3O<\/td><\/tr><tr><td width=\"316\">TEDESCO, Jo\u00e3o Carlos; F\u00c9LIX, Loiva Otero (Coord.). Usos de mem\u00f3rias. Passo Fundo: Ed. Universidade de Passo Fundo, 2002. 171 p. (pol\u00edtica, educa\u00e7\u00e3o e identidade).\u00a0<\/td><td width=\"176\">BENINC\u00c1, E.; et al<\/td><td width=\"122\">A mem\u00f3ria como elemento educativo<\/td><td>p. 105-140<\/td><td>2002<\/td><td>N\u00c3O<\/td><\/tr><tr><td width=\"316\">OLIVEIRA, Avelino da Rosa; OLIVEIRA, Neiva Afonso (Coord). Fides et ratio: Festschrift em homenagem a Cl\u00e1udio Neutzling. Pelotas: Ed. da Universidade Cat\u00f3lica de Pelotas, 2003. 462 p.<\/td><td width=\"176\">BENINC\u00c1, E.<\/td><td width=\"122\">A dimens\u00e3o religiosa como base para o pleno desenvolvimento da pessoa humana\u00a0<\/td><td>p. 303-315<\/td><td>2003<\/td><td>SIM<\/td><\/tr><tr><td width=\"316\">CARBONARI, Paulo C\u00e9sar; KUJAWA, Henrique (Coord.). Direitos humanos desde Passo Fundo: homenagem aos 20 anos da Comiss\u00e3o de Direitos Humanos de Passo Fundo. Passo Fundo: Comiss\u00e3o de Direitos Humanos de Passo Fundo, 2004. 303 p.<\/td><td width=\"176\">BENINC\u00c1, E.<\/td><td width=\"122\">Direitos humanos e religiosidade: o ensino dos direitos humanos e da religiosidade &#8211; contribui\u00e7\u00e3o para constru\u00e7\u00e3o da cidadania<\/td><td>p. 227-237 ou p. 227-251 &#8211; verificar pagina\u00e7\u00e3o<\/td><td>2004<\/td><td>SIM<\/td><\/tr><tr><td width=\"316\">M\u00dcHL, Eldon Henrique; ESQUISANSI, Valdocir Antonio (Coord.).\u00a0O di\u00e1logo ressignificando o cotidiano escolar.\u00a0Passo Fundo: Ed. Universidade de Passo Fundo, 2004. 246 p.<\/td><td width=\"176\">BENINC\u00c1, E.<\/td><td width=\"122\">Por um projeto pol\u00edtico-pedag\u00f3gico dial\u00f3gico<\/td><td>p. 229-246<\/td><td>2004<\/td><td>SIM<\/td><\/tr><tr><td rowspan=\"5\" width=\"316\">BENINC\u00c1, Elli; CAIMI, Fl\u00e1via Eloisa (Coord.). Forma\u00e7\u00e3o de professores: um di\u00e1logo entre a teoria e a pratica. 2. ed. Passo Fundo: Ed. Universidade de Passo Fundo, 2004. 160 p.<\/td><td width=\"176\">BENINC\u00c1, E.; et al<\/td><td width=\"122\">A rela\u00e7\u00e3o teoria e pr\u00e1tica no cotidiano de professores<\/td><td>p. 13-28<\/td><td>2004<\/td><td>SIM<\/td><\/tr><tr><td width=\"176\">BENINC\u00c1, E.; Grupo de Pesquisa\u00a0<\/td><td width=\"122\">Indicativos para a elabora\u00e7\u00e3o de uma proposta pedagogica<\/td><td>p. 29-50<\/td><td>2004<\/td><td>SIM<\/td><\/tr><tr><td width=\"176\">BENINC\u00c1, E.<\/td><td width=\"122\">Pr\u00e1tica pedag\u00f3gica: uma quest\u00e3o de m\u00e9todo<\/td><td>p. 51-64<\/td><td>2004<\/td><td>SIM<\/td><\/tr><tr><td width=\"176\">BENINC\u00c1, E.; SARAIVA, I. S.<\/td><td width=\"122\">A forma\u00e7\u00e3o continuada<\/td><td>p. 99-110<\/td><td>2004<\/td><td>SIM<\/td><\/tr><tr><td width=\"176\">BENINC\u00c1, E.<\/td><td width=\"122\">A incomunica\u00e7\u00e3o e a forma\u00e7\u00e3o continuda de professores<\/td><td>p. 137-152<\/td><td>2004<\/td><td>SIM<\/td><\/tr><tr><td width=\"316\">FAVRETO, Clair; BALBINOT, Rodinei (Coord). ITEPA: hist\u00f3ria e prospectivas. Passo Fundo: Palloti, 2005. 230 p.\u00a0<\/td><td width=\"176\">BENINC\u00c1, E.; ARA\u00daJO, Elenita Teresinha Gomes de\u00a0<\/td><td width=\"122\">Pedagogia Pastoral Metodologia Hist\u00f3rico Evangelizadora<\/td><td>p. 100-121<\/td><td>2005<\/td><td>N\u00c3O<\/td><\/tr><tr><td width=\"316\">WESCHENFELDER, Maria Helena; SARAIVA, Irene Skorupski (Org.).\u00a0Sala de aula:\u00a0que saberes? que fazeres? Passo Fundo: Ed. Universidade de Passo Fundo, 2006. 182 p.<\/td><td width=\"176\">BENINC\u00c1, E.; RODIGHERO, I. A.\u00a0<\/td><td width=\"122\">Educa\u00e7\u00e3o e Senso Comum<\/td><td>p. 1-15<\/td><td>2006<\/td><td>SIM<\/td><\/tr><tr><td width=\"316\">FAVRETO, Clair; BALBINOT, Rodinei (Coord.).\u00a0Teologia e pastoral:\u00a0pr\u00e1xis e evangeliza\u00e7\u00e3o : homenagem a Elli Beninc\u00e1 nos seus 70 anos. Passo Fundo: Berthier, 2006. 258 p.<\/td><td width=\"176\">BENINC\u00c1, E.<\/td><td width=\"122\">O processo de forma\u00e7\u00e3o presbiteral e o Itepa<\/td><td>p. 52-95<\/td><td>2006<\/td><td>SIM<\/td><\/tr><tr><td width=\"316\">SARTORI, Jer\u00f4nimo; OLIVEIRA, Lorita Maria de (Coord.). Pr\u00e1ticas pedagogicas: viv\u00eancias e reflex\u00f5es. Passo Fundo: Ed. Universidade de Passo Fundo, 2007. 216 p.<\/td><td width=\"176\">BENINC\u00c1, E.<\/td><td width=\"122\">As crises da sociedade emergente<\/td><td>p. 101-117<\/td><td>2007<\/td><td>N\u00c3O<\/td><\/tr><tr><td width=\"316\">DALBOSCO, Claudio Almir; CASAGRANDA, Edison Alencar; M\u00dcHL, Eldon Henrique (Coord.). Filosofia e pedagogia: aspectos hist\u00f3ricos e tem\u00e1ticos. S\u00e3o Paulo: Autores Associados, 2008. 366 p. (Educa\u00e7\u00e3o contempor\u00e2nea)\u00a0<\/td><td width=\"176\">BENINC\u00c1, E.; WESCHENFELDER, Lorita Maria<\/td><td width=\"122\">Pedagogia e Senso Comun<\/td><td>p. 181-204<\/td><td>2008<\/td><td>SIM<\/td><\/tr><tr><td width=\"316\">REIS, Ari dos; BENINC\u00c1, Elli; ZANANDR\u00c9A, Rene; MEZADRI, Neri Jos\u00e9; BALBINOT, Rodinei (Coord.).\u00a0Metodologia da a\u00e7\u00e3o evangelizadora:\u00a0uma experi\u00eancia no fazer teol\u00f3gico-pastoral.\u00a0Passo Fundo: Berthier, 2008. 218 p.<\/td><td width=\"176\">BENINC\u00c1, E.<\/td><td width=\"122\">Em busca de ra\u00edzes da Metodologia Hist\u00f3ricoi-Evangelizadora (MHE).\u00a0<\/td><td>p. 09-31<\/td><td>2008<\/td><td>SIM<\/td><\/tr><tr><td width=\"316\">FIOREZE, Cristina; MARCON, Telmo (Coord.).\u00a0O popular e a educa\u00e7\u00e3o:\u00a0movimentos sociais, pol\u00edticas p\u00fablicas e desenvolvimento.\u00a0Iju\u00ed: Ed. Universidade Regional do Noroeste do Estado do Rio Grande do Sul, 2009. 296 p.<\/td><td width=\"176\">BENINC\u00c1, E.<\/td><td width=\"122\">Pr\u00e1xis e senso comum: rela\u00e7\u00e3o teoria e milit\u00e2ncia nos movimentos sociais populares<\/td><td>p. 131-158<\/td><td>2009<\/td><td>SIM<\/td><\/tr><tr><td width=\"316\">M\u00dcHL, Eldon Henrique; SARTORI, Jer\u00f4nimo; ESQUINSANI, Valdocir Antonio (Org.). Di\u00e1logo, a\u00e7\u00e3o comunicativa e pr\u00e1xis pedag\u00f3gica. Passo Fundo: Ed. Universidade de Passo Fundo, 2011.<\/td><td width=\"176\">BENINC\u00c1, E.; BOURSCHEIDT, A. ; CRUZ, R. J. B. ; RODIGHERO, I. A.\u00a0<\/td><td width=\"122\">Pr\u00e1xis e investiga\u00e7\u00e3o pedag\u00f3gica<\/td><td>p. 45-67<\/td><td>2011<\/td><td>N\u00c3O<\/td><\/tr><tr><td width=\"316\">HENS, Celso Ilgo; GHIGGI, Gomercindo (Org.). Mem\u00f3rias, di\u00e1logos &amp; sonhos do educador: homenagem a Balduino Antonio Andreola. Santa Maria: Palotti, 2005.<\/td><td width=\"176\">BENINC\u00c1, E.<\/td><td>A pedagogia do fetiche<\/td><td>p. 155-173<\/td><td>2005<\/td><td>N\u00c3O<\/td><\/tr><tr><td width=\"316\">RODIGHERO, I. A. ; CARLESSO, Jair (Org.) . Quando a palavra encanta. Passo Fundo: Berthier, 2008.<\/td><td width=\"176\">BENINC\u00c1, E.<\/td><td>Apresenta\u00e7\u00e3o<\/td><td>p. 8-10<\/td><td>2008<\/td><td>SIM<\/td><\/tr><tr><td width=\"316\">RODIGHERO, I. A. ; NEGRI, Rudinei (Org.) ; PALU, Vanderlei (Org.) . O que a sociedade pensa e espera da Igreja Cat\u00f3lica?. Passo Fundo: Berthier, 2011. 158 p.\u00a0<\/td><td width=\"176\">BENINC\u00c1, E.; BALBINOT, R. ; MARCON, Telmo\u00a0<\/td><td>A pesquisa no Itepa<\/td><td>p. 11-21<\/td><td>2011<\/td><td>N\u00c3O<\/td><\/tr><\/tbody><\/table>\t\t\t\t\t\t\t\t<\/div>\n\t\t\t\t<\/div>\n\t\t\t\t\t<\/div>\n\t\t<\/div>\n\t\t\t\t\t<\/div>\n\t\t<\/section>\n\t\t\t\t<section class=\"elementor-section elementor-top-section elementor-element elementor-element-b6f905e elementor-section-boxed elementor-section-height-default elementor-section-height-default\" data-id=\"b6f905e\" data-element_type=\"section\">\n\t\t\t\t\t\t<div class=\"elementor-container elementor-column-gap-default\">\n\t\t\t\t\t<div class=\"elementor-column elementor-col-100 elementor-top-column elementor-element elementor-element-9c0d3fc\" data-id=\"9c0d3fc\" data-element_type=\"column\">\n\t\t\t<div class=\"elementor-widget-wrap\">\n\t\t\t\t\t\t\t<\/div>\n\t\t<\/div>\n\t\t\t\t\t<\/div>\n\t\t<\/section>\n\t\t\t\t<section class=\"elementor-section elementor-top-section elementor-element elementor-element-bb2605e elementor-section-boxed elementor-section-height-default elementor-section-height-default\" data-id=\"bb2605e\" data-element_type=\"section\">\n\t\t\t\t\t\t<div class=\"elementor-container elementor-column-gap-default\">\n\t\t\t\t\t<div class=\"elementor-column elementor-col-100 elementor-top-column elementor-element elementor-element-32bdd38\" data-id=\"32bdd38\" data-element_type=\"column\">\n\t\t\t<div class=\"elementor-widget-wrap elementor-element-populated\">\n\t\t\t\t\t\t<div class=\"elementor-element elementor-element-6ada858 elementor-widget elementor-widget-text-editor\" data-id=\"6ada858\" data-element_type=\"widget\" data-widget_type=\"text-editor.default\">\n\t\t\t\t<div class=\"elementor-widget-container\">\n\t\t\t\t\t\t\t\t\t<p>Voc\u00ea conhece mais alguma obra de autoria de Elli Beninc\u00e1? <\/p>\t\t\t\t\t\t\t\t<\/div>\n\t\t\t\t<\/div>\n\t\t\t\t<div class=\"elementor-element elementor-element-7de855b elementor-widget elementor-widget-text-editor\" data-id=\"7de855b\" data-element_type=\"widget\" data-widget_type=\"text-editor.default\">\n\t\t\t\t<div class=\"elementor-widget-container\">\n\t\t\t\t\t\t\t\t\t<p>Contribua com este levantamento, indicando abaixo as informa\u00e7\u00f5es de outras obras que voc\u00ea conhece para completarmos esta pesquisa.<\/p>\t\t\t\t\t\t\t\t<\/div>\n\t\t\t\t<\/div>\n\t\t\t\t<div class=\"elementor-element elementor-element-4fcb900 elementor-widget elementor-widget-shortcode\" data-id=\"4fcb900\" data-element_type=\"widget\" data-widget_type=\"shortcode.default\">\n\t\t\t\t<div class=\"elementor-widget-container\">\n\t\t\t\t\t\t\t<div class=\"elementor-shortcode\">\n<div class=\"wpcf7 no-js\" id=\"wpcf7-f25-o1\" lang=\"pt-BR\" dir=\"ltr\" data-wpcf7-id=\"25\">\n<div class=\"screen-reader-response\"><p role=\"status\" aria-live=\"polite\" aria-atomic=\"true\"><\/p> <ul><\/ul><\/div>\n<form action=\"\/site\/wp-json\/wp\/v2\/pages\/45#wpcf7-f25-o1\" method=\"post\" class=\"wpcf7-form init\" aria-label=\"Formul\u00e1rios de contato\" novalidate=\"novalidate\" data-status=\"init\">\n<fieldset class=\"hidden-fields-container\"><input type=\"hidden\" name=\"_wpcf7\" value=\"25\" \/><input type=\"hidden\" name=\"_wpcf7_version\" value=\"6.1.1\" \/><input type=\"hidden\" name=\"_wpcf7_locale\" value=\"pt_BR\" \/><input type=\"hidden\" name=\"_wpcf7_unit_tag\" value=\"wpcf7-f25-o1\" \/><input type=\"hidden\" name=\"_wpcf7_container_post\" value=\"0\" \/><input type=\"hidden\" name=\"_wpcf7_posted_data_hash\" value=\"\" \/>\n<\/fieldset>\n<p><label> Nome do livro<br \/>\n<span class=\"wpcf7-form-control-wrap\" data-name=\"nome-livro\"><input size=\"40\" maxlength=\"400\" class=\"wpcf7-form-control wpcf7-text wpcf7-validates-as-required\" aria-required=\"true\" aria-invalid=\"false\" value=\"\" type=\"text\" name=\"nome-livro\" \/><\/span> <\/label>\n<\/p>\n<p><label> Autores<br \/>\n<span class=\"wpcf7-form-control-wrap\" data-name=\"autores\"><input size=\"40\" maxlength=\"400\" class=\"wpcf7-form-control wpcf7-text wpcf7-validates-as-required\" aria-required=\"true\" aria-invalid=\"false\" value=\"\" type=\"text\" name=\"autores\" \/><\/span> <\/label>\n<\/p>\n<p><label> Editora e Cidade<br \/>\n<span class=\"wpcf7-form-control-wrap\" data-name=\"editora\"><input size=\"40\" maxlength=\"400\" class=\"wpcf7-form-control wpcf7-text\" aria-invalid=\"false\" value=\"\" type=\"text\" name=\"editora\" \/><\/span> <\/label>\n<\/p>\n<p><label> Edi\u00e7\u00e3o<br \/>\n<span class=\"wpcf7-form-control-wrap\" data-name=\"edicao\"><input size=\"40\" maxlength=\"400\" class=\"wpcf7-form-control wpcf7-text\" aria-invalid=\"false\" value=\"\" type=\"text\" name=\"edicao\" \/><\/span> <\/label>\n<\/p>\n<p><label> Ano da publica\u00e7\u00e3o<br \/>\n<span class=\"wpcf7-form-control-wrap\" data-name=\"ano-publicacao\"><input size=\"40\" maxlength=\"400\" class=\"wpcf7-form-control wpcf7-text\" aria-invalid=\"false\" value=\"\" type=\"text\" name=\"ano-publicacao\" \/><\/span> <\/label>\n<\/p>\n<p><label> ISBN<br \/>\n<span class=\"wpcf7-form-control-wrap\" data-name=\"isbn\"><input size=\"40\" maxlength=\"400\" class=\"wpcf7-form-control wpcf7-text\" aria-invalid=\"false\" value=\"\" type=\"text\" name=\"isbn\" \/><\/span> <\/label>\n<\/p>\n<p><label> Seu nome:<br \/>\n<span class=\"wpcf7-form-control-wrap\" data-name=\"colaboracao\"><input size=\"40\" maxlength=\"400\" class=\"wpcf7-form-control wpcf7-text wpcf7-validates-as-required\" aria-required=\"true\" aria-invalid=\"false\" value=\"\" type=\"text\" name=\"colaboracao\" \/><\/span> <\/label>\n<\/p>\n<p><label> Seu email para contato:<br \/>\n<span class=\"wpcf7-form-control-wrap\" data-name=\"email-colaborador\"><input size=\"40\" maxlength=\"400\" class=\"wpcf7-form-control wpcf7-email wpcf7-validates-as-required wpcf7-text wpcf7-validates-as-email\" aria-required=\"true\" aria-invalid=\"false\" value=\"\" type=\"email\" name=\"email-colaborador\" \/><\/span> <\/label>\n<\/p>\n<p><label> Possui exemplar f\u00edsico? <\/label><br \/>\n<span class=\"wpcf7-form-control-wrap\" data-name=\"exemplar-fisico\"><span class=\"wpcf7-form-control wpcf7-checkbox wpcf7-validates-as-required wpcf7-exclusive-checkbox\"><span class=\"wpcf7-list-item first\"><label><span class=\"wpcf7-list-item-label\">SIM<\/span><input type=\"checkbox\" name=\"exemplar-fisico\" value=\"SIM\" \/><\/label><\/span><span class=\"wpcf7-list-item last\"><label><span class=\"wpcf7-list-item-label\">N\u00c3O<\/span><input type=\"checkbox\" name=\"exemplar-fisico\" value=\"N\u00c3O\" \/><\/label><\/span><\/span><\/span>\n<\/p>\n<p><label> Coment\u00e1rio (opcional)<br \/>\n<span class=\"wpcf7-form-control-wrap\" data-name=\"comentario\"><textarea cols=\"40\" rows=\"10\" maxlength=\"2000\" class=\"wpcf7-form-control wpcf7-textarea\" aria-invalid=\"false\" name=\"comentario\"><\/textarea><\/span> <\/label>\n<\/p>\n<p><input class=\"wpcf7-form-control wpcf7-submit has-spinner\" type=\"submit\" value=\"Enviar\" \/>\n<\/p><div class=\"wpcf7-response-output\" aria-hidden=\"true\"><\/div>\n<\/form>\n<\/div>\n<\/div>\n\t\t\t\t\t\t<\/div>\n\t\t\t\t<\/div>\n\t\t\t\t\t<\/div>\n\t\t<\/div>\n\t\t\t\t\t<\/div>\n\t\t<\/section>\n\t\t\t\t<\/div>\n\t\t","protected":false},"excerpt":{"rendered":"<p>Elli Beninc\u00e1 Cap\u00edtulos em livros NOME DO LIVRO REFER\u00caNCIA T\u00cdTULO DO CAP\u00cdTULO P\u00c1GINAS ANO ACERVO FAM\u00cdLIA Religiosidade &amp; sa\u00fade popular BENINC\u00c1, Elli (Coord.).&nbsp;Religiosidade &amp; sa\u00fade popular.&nbsp;Passo Fundo: Ed. Universidade de Passo Fundo, 1991. 125 p. (Cultura e Religiosidade Popular). Pr\u00e1ticas de religiosidade e sa\u00fade popular p. 77-102 1991 SIM Cultura e educa\u00e7\u00e3o popular BENINC\u00c1, Elli [&hellip;]<\/p>\n","protected":false},"author":1,"featured_media":0,"parent":0,"menu_order":0,"comment_status":"closed","ping_status":"closed","template":"templates\/template-page-full-width.php","meta":{"footnotes":""},"class_list":["post-45","page","type-page","status-publish","hentry"],"_links":{"self":[{"href":"https:\/\/ellibeninca.com.br\/site\/wp-json\/wp\/v2\/pages\/45","targetHints":{"allow":["GET"]}}],"collection":[{"href":"https:\/\/ellibeninca.com.br\/site\/wp-json\/wp\/v2\/pages"}],"about":[{"href":"https:\/\/ellibeninca.com.br\/site\/wp-json\/wp\/v2\/types\/page"}],"author":[{"embeddable":true,"href":"https:\/\/ellibeninca.com.br\/site\/wp-json\/wp\/v2\/users\/1"}],"replies":[{"embeddable":true,"href":"https:\/\/ellibeninca.com.br\/site\/wp-json\/wp\/v2\/comments?post=45"}],"version-history":[{"count":14,"href":"https:\/\/ellibeninca.com.br\/site\/wp-json\/wp\/v2\/pages\/45\/revisions"}],"predecessor-version":[{"id":675,"href":"https:\/\/ellibeninca.com.br\/site\/wp-json\/wp\/v2\/pages\/45\/revisions\/675"}],"wp:attachment":[{"href":"https:\/\/ellibeninca.com.br\/site\/wp-json\/wp\/v2\/media?parent=45"}],"curies":[{"name":"wp","href":"https:\/\/api.w.org\/{rel}","templated":true}]}}