{"id":53,"date":"2021-02-28T21:51:54","date_gmt":"2021-02-28T21:51:54","guid":{"rendered":"http:\/\/ellibeninca.com.br\/site\/?page_id=53"},"modified":"2025-08-24T22:24:12","modified_gmt":"2025-08-24T22:24:12","slug":"livros-sobre-o-elli-beninca","status":"publish","type":"page","link":"https:\/\/ellibeninca.com.br\/site\/livros-sobre-o-elli-beninca\/","title":{"rendered":"Livros sobre o Elli Beninc\u00e1"},"content":{"rendered":"\t\t<div data-elementor-type=\"wp-page\" data-elementor-id=\"53\" class=\"elementor elementor-53\" data-elementor-post-type=\"page\">\n\t\t\t\t\t\t<section class=\"elementor-section elementor-top-section elementor-element elementor-element-699c88b elementor-section-boxed elementor-section-height-default elementor-section-height-default\" data-id=\"699c88b\" data-element_type=\"section\">\n\t\t\t\t\t\t<div class=\"elementor-container elementor-column-gap-default\">\n\t\t\t\t\t<div class=\"elementor-column elementor-col-100 elementor-top-column elementor-element elementor-element-12a5e65\" data-id=\"12a5e65\" data-element_type=\"column\">\n\t\t\t<div class=\"elementor-widget-wrap elementor-element-populated\">\n\t\t\t\t\t\t<div class=\"elementor-element elementor-element-2a1158a elementor-widget elementor-widget-text-editor\" data-id=\"2a1158a\" data-element_type=\"widget\" data-widget_type=\"text-editor.default\">\n\t\t\t\t<div class=\"elementor-widget-container\">\n\t\t\t\t\t\t\t\t\t<p><strong><a href=\"http:\/\/ellibeninca.com.br\/site\/livros-publicados\/\">Livros &#8211; obras autorais<\/a>\u00a0 |\u00a0 <a href=\"http:\/\/ellibeninca.com.br\/site\/livros-sobre-o-elli-beninca\/\">Livros sobre o Elli Beninc\u00e1<\/a>\u00a0 |\u00a0 <a href=\"http:\/\/ellibeninca.com.br\/site\/capitulos-em-livros\/\">Cap\u00edtulos em livros<\/a><\/strong><\/p>\t\t\t\t\t\t\t\t<\/div>\n\t\t\t\t<\/div>\n\t\t\t\t\t<\/div>\n\t\t<\/div>\n\t\t\t\t\t<\/div>\n\t\t<\/section>\n\t\t\t\t<section class=\"elementor-section elementor-top-section elementor-element elementor-element-2b9a64a elementor-section-boxed elementor-section-height-default elementor-section-height-default\" data-id=\"2b9a64a\" data-element_type=\"section\">\n\t\t\t\t\t\t<div class=\"elementor-container elementor-column-gap-default\">\n\t\t\t\t\t<div class=\"elementor-column elementor-col-100 elementor-top-column elementor-element elementor-element-5e83e17\" data-id=\"5e83e17\" data-element_type=\"column\">\n\t\t\t<div class=\"elementor-widget-wrap elementor-element-populated\">\n\t\t\t\t\t\t<div class=\"elementor-element elementor-element-654d454 elementor-widget elementor-widget-heading\" data-id=\"654d454\" data-element_type=\"widget\" data-widget_type=\"heading.default\">\n\t\t\t\t<div class=\"elementor-widget-container\">\n\t\t\t\t\t<h4 class=\"elementor-heading-title elementor-size-default\">Elli Beninc\u00e1<\/h4>\t\t\t\t<\/div>\n\t\t\t\t<\/div>\n\t\t\t\t<div class=\"elementor-element elementor-element-c09079b elementor-widget elementor-widget-heading\" data-id=\"c09079b\" data-element_type=\"widget\" data-widget_type=\"heading.default\">\n\t\t\t\t<div class=\"elementor-widget-container\">\n\t\t\t\t\t<h3 class=\"elementor-heading-title elementor-size-default\">Livros sobre o Elli Beninc\u00e1<\/h3>\t\t\t\t<\/div>\n\t\t\t\t<\/div>\n\t\t\t\t\t<\/div>\n\t\t<\/div>\n\t\t\t\t\t<\/div>\n\t\t<\/section>\n\t\t\t\t<section class=\"elementor-section elementor-top-section elementor-element elementor-element-350f1de elementor-section-boxed elementor-section-height-default elementor-section-height-default\" data-id=\"350f1de\" data-element_type=\"section\">\n\t\t\t\t\t\t<div class=\"elementor-container elementor-column-gap-default\">\n\t\t\t\t\t<div class=\"elementor-column elementor-col-100 elementor-top-column elementor-element elementor-element-5573479\" data-id=\"5573479\" data-element_type=\"column\">\n\t\t\t<div class=\"elementor-widget-wrap elementor-element-populated\">\n\t\t\t\t\t\t<div class=\"elementor-element elementor-element-c48c0cf elementor-widget elementor-widget-text-editor\" data-id=\"c48c0cf\" data-element_type=\"widget\" data-widget_type=\"text-editor.default\">\n\t\t\t\t<div class=\"elementor-widget-container\">\n\t\t\t\t\t\t\t\t\t<table border=\"0\" width=\"1020\" cellspacing=\"0\" cellpadding=\"0\"><colgroup> <col style=\"mso-width-source: userset; mso-width-alt: 21869; width: 449pt;\" width=\"598\" \/> <col style=\"mso-width-source: userset; mso-width-alt: 6656; width: 137pt;\" width=\"182\" \/> <col style=\"mso-width-source: userset; mso-width-alt: 8777; width: 180pt;\" width=\"240\" \/> <\/colgroup>\n<tbody>\n<tr style=\"height: 15.0pt;\">\n<td class=\"xl65\" style=\"height: 15.0pt; width: 449pt;\" width=\"598\" height=\"20\"><b>REFER\u00caNCIA DO LIVRO<\/b><\/td>\n<td class=\"xl65\" style=\"border-left: none; width: 137pt;\" width=\"182\"><b>ANO<\/b><\/td>\n<td class=\"xl65\" style=\"border-left: none; width: 180pt;\" width=\"240\"><b>EST\u00c1 NO ACERVO DA FAM\u00cdLIA?<\/b><\/td>\n<\/tr>\n<tr style=\"height: 45.75pt;\">\n<td class=\"xl67\" style=\"height: 45.75pt; border-top: none; width: 449pt;\" width=\"598\" height=\"61\">SCARTEZINI, Angela Trombini. Exerc\u00edcios formativos da pr\u00e1xis benincaniana: di\u00e1logo e mem\u00f3ria em sala de aula. Passo Fundo: EDIUPF, 2024<span class=\"font5\">.<\/span><\/td>\n<td class=\"xl68\" style=\"border-top: none; border-left: none;\">2024<\/td>\n<td class=\"xl69\" style=\"border-top: none; border-left: none;\">SIM<\/td>\n<\/tr>\n<tr style=\"height: 45.75pt;\">\n<td class=\"xl67\" style=\"height: 45.75pt; border-top: none; width: 449pt;\" width=\"598\" height=\"61\">DAL MORO, Selina; RODIGHERO, Ivanir Antonio (Org.). Itepa Faculdades: 40 anos refletindo sobre evangELLIza\u00e7\u00e3o. Passo Fundo: EDIUPF, 2022<span class=\"font5\">.<\/span><\/td>\n<td class=\"xl68\" style=\"border-top: none; border-left: none;\">2022<\/td>\n<td class=\"xl69\" style=\"border-top: none; border-left: none;\">SIM<\/td>\n<\/tr>\n<tr style=\"height: 45.75pt;\">\n<td class=\"xl67\" style=\"height: 45.75pt; border-top: none; width: 449pt;\" width=\"598\" height=\"61\">M\u00dcHL, Eldon Henrique; MARCON, Telmo (Org.). Forma\u00e7\u00e3o de educadores-pesquisadores: contribui\u00e7\u00f5es de Elli Beninc\u00e1. Passo Fundo: EDIUPF, 2022<span class=\"font5\">.<\/span><\/td>\n<td class=\"xl68\" style=\"border-top: none; border-left: none;\">2022<\/td>\n<td class=\"xl69\" style=\"border-top: none; border-left: none;\">SIM<\/td>\n<\/tr>\n<tr style=\"height: 45.75pt;\">\n<td class=\"xl67\" style=\"height: 45.75pt; border-top: none; width: 449pt;\" width=\"598\" height=\"61\">FAVRETO, Clair; BALBINOT, Rodinei (Coord.). <span class=\"font6\">Teologia e pastoral: pr\u00e1xis e evangeliza\u00e7\u00e3o: homenagem a Elli Beninc\u00e1 nos seus 70 anos.<\/span><span class=\"font5\"> Passo Fundo: Berthier, 2006. 258 p.<\/span><\/td>\n<td class=\"xl68\" style=\"border-top: none; border-left: none;\">2006<\/td>\n<td class=\"xl69\" style=\"border-top: none; border-left: none;\">SIM<\/td>\n<\/tr>\n<tr style=\"height: 45.75pt;\">\n<td class=\"xl67\" style=\"height: 45.75pt; border-top: none; width: 449pt;\" width=\"598\" height=\"61\">MARCON, Telmo (Org.). <span class=\"font6\">Educa\u00e7\u00e3o e universidade, pr\u00e1xis e emancipa\u00e7\u00e3o<\/span><span class=\"font5\">: uma homenagem a Elli Beninc\u00e1. Passo Fundo: Ed. Universidade de Passo Fundo, 1998. 398 p.<\/span><\/td>\n<td class=\"xl68\" style=\"border-top: none; border-left: none;\">1998<\/td>\n<td class=\"xl69\" style=\"border-top: none; border-left: none;\">SIM<\/td>\n<\/tr>\n<\/tbody>\n<\/table>\t\t\t\t\t\t\t\t<\/div>\n\t\t\t\t<\/div>\n\t\t\t\t\t<\/div>\n\t\t<\/div>\n\t\t\t\t\t<\/div>\n\t\t<\/section>\n\t\t\t\t<section class=\"elementor-section elementor-top-section elementor-element elementor-element-145692b elementor-section-boxed elementor-section-height-default elementor-section-height-default\" data-id=\"145692b\" data-element_type=\"section\">\n\t\t\t\t\t\t<div class=\"elementor-container elementor-column-gap-default\">\n\t\t\t\t\t<div class=\"elementor-column elementor-col-100 elementor-top-column elementor-element elementor-element-d6839cb\" data-id=\"d6839cb\" data-element_type=\"column\">\n\t\t\t<div class=\"elementor-widget-wrap\">\n\t\t\t\t\t\t\t<\/div>\n\t\t<\/div>\n\t\t\t\t\t<\/div>\n\t\t<\/section>\n\t\t\t\t<section class=\"elementor-section elementor-top-section elementor-element elementor-element-07764d9 elementor-section-boxed elementor-section-height-default elementor-section-height-default\" data-id=\"07764d9\" data-element_type=\"section\">\n\t\t\t\t\t\t<div class=\"elementor-container elementor-column-gap-default\">\n\t\t\t\t\t<div class=\"elementor-column elementor-col-100 elementor-top-column elementor-element elementor-element-f354513\" data-id=\"f354513\" data-element_type=\"column\">\n\t\t\t<div class=\"elementor-widget-wrap elementor-element-populated\">\n\t\t\t\t\t\t<div class=\"elementor-element elementor-element-bc53175 elementor-widget elementor-widget-text-editor\" data-id=\"bc53175\" data-element_type=\"widget\" data-widget_type=\"text-editor.default\">\n\t\t\t\t<div class=\"elementor-widget-container\">\n\t\t\t\t\t\t\t\t\t<p>Voc\u00ea conhece mais alguma obra sobre o Elli Beninc\u00e1?<\/p>\t\t\t\t\t\t\t\t<\/div>\n\t\t\t\t<\/div>\n\t\t\t\t<div class=\"elementor-element elementor-element-b115ba8 elementor-widget elementor-widget-text-editor\" data-id=\"b115ba8\" data-element_type=\"widget\" data-widget_type=\"text-editor.default\">\n\t\t\t\t<div class=\"elementor-widget-container\">\n\t\t\t\t\t\t\t\t\t<p>Contribua com este levantamento, indicando abaixo as informa\u00e7\u00f5es de outras obras que voc\u00ea conhece para completarmos esta pesquisa.<\/p>\t\t\t\t\t\t\t\t<\/div>\n\t\t\t\t<\/div>\n\t\t\t\t<div class=\"elementor-element elementor-element-e814c77 elementor-widget elementor-widget-shortcode\" data-id=\"e814c77\" data-element_type=\"widget\" data-widget_type=\"shortcode.default\">\n\t\t\t\t<div class=\"elementor-widget-container\">\n\t\t\t\t\t\t\t<div class=\"elementor-shortcode\">\n<div class=\"wpcf7 no-js\" id=\"wpcf7-f25-o1\" lang=\"pt-BR\" dir=\"ltr\" data-wpcf7-id=\"25\">\n<div class=\"screen-reader-response\"><p role=\"status\" aria-live=\"polite\" aria-atomic=\"true\"><\/p> <ul><\/ul><\/div>\n<form action=\"\/site\/wp-json\/wp\/v2\/pages\/53#wpcf7-f25-o1\" method=\"post\" class=\"wpcf7-form init\" aria-label=\"Formul\u00e1rios de contato\" novalidate=\"novalidate\" data-status=\"init\">\n<fieldset class=\"hidden-fields-container\"><input type=\"hidden\" name=\"_wpcf7\" value=\"25\" \/><input type=\"hidden\" name=\"_wpcf7_version\" value=\"6.1.1\" \/><input type=\"hidden\" name=\"_wpcf7_locale\" value=\"pt_BR\" \/><input type=\"hidden\" name=\"_wpcf7_unit_tag\" value=\"wpcf7-f25-o1\" \/><input type=\"hidden\" name=\"_wpcf7_container_post\" value=\"0\" \/><input type=\"hidden\" name=\"_wpcf7_posted_data_hash\" value=\"\" \/>\n<\/fieldset>\n<p><label> Nome do livro<br \/>\n<span class=\"wpcf7-form-control-wrap\" data-name=\"nome-livro\"><input size=\"40\" maxlength=\"400\" class=\"wpcf7-form-control wpcf7-text wpcf7-validates-as-required\" aria-required=\"true\" aria-invalid=\"false\" value=\"\" type=\"text\" name=\"nome-livro\" \/><\/span> <\/label>\n<\/p>\n<p><label> Autores<br \/>\n<span class=\"wpcf7-form-control-wrap\" data-name=\"autores\"><input size=\"40\" maxlength=\"400\" class=\"wpcf7-form-control wpcf7-text wpcf7-validates-as-required\" aria-required=\"true\" aria-invalid=\"false\" value=\"\" type=\"text\" name=\"autores\" \/><\/span> <\/label>\n<\/p>\n<p><label> Editora e Cidade<br \/>\n<span class=\"wpcf7-form-control-wrap\" data-name=\"editora\"><input size=\"40\" maxlength=\"400\" class=\"wpcf7-form-control wpcf7-text\" aria-invalid=\"false\" value=\"\" type=\"text\" name=\"editora\" \/><\/span> <\/label>\n<\/p>\n<p><label> Edi\u00e7\u00e3o<br \/>\n<span class=\"wpcf7-form-control-wrap\" data-name=\"edicao\"><input size=\"40\" maxlength=\"400\" class=\"wpcf7-form-control wpcf7-text\" aria-invalid=\"false\" value=\"\" type=\"text\" name=\"edicao\" \/><\/span> <\/label>\n<\/p>\n<p><label> Ano da publica\u00e7\u00e3o<br \/>\n<span class=\"wpcf7-form-control-wrap\" data-name=\"ano-publicacao\"><input size=\"40\" maxlength=\"400\" class=\"wpcf7-form-control wpcf7-text\" aria-invalid=\"false\" value=\"\" type=\"text\" name=\"ano-publicacao\" \/><\/span> <\/label>\n<\/p>\n<p><label> ISBN<br \/>\n<span class=\"wpcf7-form-control-wrap\" data-name=\"isbn\"><input size=\"40\" maxlength=\"400\" class=\"wpcf7-form-control wpcf7-text\" aria-invalid=\"false\" value=\"\" type=\"text\" name=\"isbn\" \/><\/span> <\/label>\n<\/p>\n<p><label> Seu nome:<br \/>\n<span class=\"wpcf7-form-control-wrap\" data-name=\"colaboracao\"><input size=\"40\" maxlength=\"400\" class=\"wpcf7-form-control wpcf7-text wpcf7-validates-as-required\" aria-required=\"true\" aria-invalid=\"false\" value=\"\" type=\"text\" name=\"colaboracao\" \/><\/span> <\/label>\n<\/p>\n<p><label> Seu email para contato:<br \/>\n<span class=\"wpcf7-form-control-wrap\" data-name=\"email-colaborador\"><input size=\"40\" maxlength=\"400\" class=\"wpcf7-form-control wpcf7-email wpcf7-validates-as-required wpcf7-text wpcf7-validates-as-email\" aria-required=\"true\" aria-invalid=\"false\" value=\"\" type=\"email\" name=\"email-colaborador\" \/><\/span> <\/label>\n<\/p>\n<p><label> Possui exemplar f\u00edsico? <\/label><br \/>\n<span class=\"wpcf7-form-control-wrap\" data-name=\"exemplar-fisico\"><span class=\"wpcf7-form-control wpcf7-checkbox wpcf7-validates-as-required wpcf7-exclusive-checkbox\"><span class=\"wpcf7-list-item first\"><label><span class=\"wpcf7-list-item-label\">SIM<\/span><input type=\"checkbox\" name=\"exemplar-fisico\" value=\"SIM\" \/><\/label><\/span><span class=\"wpcf7-list-item last\"><label><span class=\"wpcf7-list-item-label\">N\u00c3O<\/span><input type=\"checkbox\" name=\"exemplar-fisico\" value=\"N\u00c3O\" \/><\/label><\/span><\/span><\/span>\n<\/p>\n<p><label> Coment\u00e1rio (opcional)<br \/>\n<span class=\"wpcf7-form-control-wrap\" data-name=\"comentario\"><textarea cols=\"40\" rows=\"10\" maxlength=\"2000\" class=\"wpcf7-form-control wpcf7-textarea\" aria-invalid=\"false\" name=\"comentario\"><\/textarea><\/span> <\/label>\n<\/p>\n<p><input class=\"wpcf7-form-control wpcf7-submit has-spinner\" type=\"submit\" value=\"Enviar\" \/>\n<\/p><div class=\"wpcf7-response-output\" aria-hidden=\"true\"><\/div>\n<\/form>\n<\/div>\n<\/div>\n\t\t\t\t\t\t<\/div>\n\t\t\t\t<\/div>\n\t\t\t\t\t<\/div>\n\t\t<\/div>\n\t\t\t\t\t<\/div>\n\t\t<\/section>\n\t\t\t\t<\/div>\n\t\t","protected":false},"excerpt":{"rendered":"<p>Livros &#8211; obras autorais\u00a0 |\u00a0 Livros sobre o Elli Beninc\u00e1\u00a0 |\u00a0 Cap\u00edtulos em livros Elli Beninc\u00e1 Livros sobre o Elli Beninc\u00e1 REFER\u00caNCIA DO LIVRO ANO EST\u00c1 NO ACERVO DA FAM\u00cdLIA? SCARTEZINI, Angela Trombini. Exerc\u00edcios formativos da pr\u00e1xis benincaniana: di\u00e1logo e mem\u00f3ria em sala de aula. Passo Fundo: EDIUPF, 2024. 2024 SIM DAL MORO, Selina; RODIGHERO, [&hellip;]<\/p>\n","protected":false},"author":1,"featured_media":0,"parent":0,"menu_order":0,"comment_status":"closed","ping_status":"closed","template":"templates\/template-page-full-width.php","meta":{"footnotes":""},"class_list":["post-53","page","type-page","status-publish","hentry"],"_links":{"self":[{"href":"https:\/\/ellibeninca.com.br\/site\/wp-json\/wp\/v2\/pages\/53","targetHints":{"allow":["GET"]}}],"collection":[{"href":"https:\/\/ellibeninca.com.br\/site\/wp-json\/wp\/v2\/pages"}],"about":[{"href":"https:\/\/ellibeninca.com.br\/site\/wp-json\/wp\/v2\/types\/page"}],"author":[{"embeddable":true,"href":"https:\/\/ellibeninca.com.br\/site\/wp-json\/wp\/v2\/users\/1"}],"replies":[{"embeddable":true,"href":"https:\/\/ellibeninca.com.br\/site\/wp-json\/wp\/v2\/comments?post=53"}],"version-history":[{"count":14,"href":"https:\/\/ellibeninca.com.br\/site\/wp-json\/wp\/v2\/pages\/53\/revisions"}],"predecessor-version":[{"id":717,"href":"https:\/\/ellibeninca.com.br\/site\/wp-json\/wp\/v2\/pages\/53\/revisions\/717"}],"wp:attachment":[{"href":"https:\/\/ellibeninca.com.br\/site\/wp-json\/wp\/v2\/media?parent=53"}],"curies":[{"name":"wp","href":"https:\/\/api.w.org\/{rel}","templated":true}]}}