{"id":640,"date":"2021-03-14T01:46:22","date_gmt":"2021-03-14T01:46:22","guid":{"rendered":"http:\/\/ellibeninca.com.br\/site\/?page_id=640"},"modified":"2021-03-14T02:34:06","modified_gmt":"2021-03-14T02:34:06","slug":"vida-obra-e-memoria","status":"publish","type":"page","link":"https:\/\/ellibeninca.com.br\/site\/","title":{"rendered":"Vida, obra e mem\u00f3ria"},"content":{"rendered":"\n<h1 class=\"has-text-align-center has-text-color has-huge-font-size wp-block-heading\" style=\"color:#6f040a\">Vida, obra e mem\u00f3ria<\/h1>\n\n\n\n<div class=\"wp-block-media-text alignwide is-stacked-on-mobile has-black-background-color has-background\" style=\"grid-template-columns:47% auto\"><figure class=\"wp-block-media-text__media\"><img fetchpriority=\"high\" decoding=\"async\" width=\"539\" height=\"467\" src=\"http:\/\/ellibeninca.com.br\/site\/wp-content\/uploads\/2021\/03\/Elli-home.png\" alt=\"\" class=\"wp-image-647 size-full\" srcset=\"https:\/\/ellibeninca.com.br\/site\/wp-content\/uploads\/2021\/03\/Elli-home.png 539w, https:\/\/ellibeninca.com.br\/site\/wp-content\/uploads\/2021\/03\/Elli-home-300x260.png 300w\" sizes=\"(max-width: 539px) 100vw, 539px\" \/><\/figure><div class=\"wp-block-media-text__content\">\n<h2 class=\"has-white-color has-text-color wp-block-heading\">Bem-vindo a este espa\u00e7o colaborativo que busca contribuir na pesquisa sobre a vida e a obra do  padre e professor Elli Beninc\u00e1.<\/h2>\n<\/div><\/div>\n\n\n\n<hr class=\"wp-block-separator\"\/>\n\n\n\n<p>Estamos realizando o levantamento das obras produzidas e publicadas por Elli Beninc\u00e1. Al\u00e9m dos livros, tamb\u00e9m \u00e9 importante identificar e resgatar outros textos elaborados ao longo de sua trajet\u00f3ria como professor da Universidade de Passo Fundo (UPF), do Instituto de Teologia e Pastoral (Itepa), do Instituto Superior de Filosofia Berthier (Ifibe), al\u00e9m  do trabalho realizado na Arquidiocese de Passo Fundo e junto aos movimentos sociais e outras organiza\u00e7\u00f5es da sociedade civil.<\/p>\n\n\n\n<p>A proposta \u00e9 que possamos incluir informa\u00e7\u00f5es sobre outras produ\u00e7\u00f5es, al\u00e9m das aqui listadas, com indica\u00e7\u00f5es que facilitem a pesquisa e o acesso a estes textos e materiais.<\/p>\n\n\n\n<h4 class=\"has-text-align-left wp-block-heading\">Para facilitar a organiza\u00e7\u00e3o, dividimos os conte\u00fados da seguinte forma:<\/h4>\n\n\n\n<ul class=\"wp-block-list\"><li><strong><a href=\"http:\/\/ellibeninca.com.br\/site\/livros-publicados\/\" data-type=\"page\" data-id=\"15\">Livros autorais publicados<\/a><\/strong><\/li><li><strong><a href=\"http:\/\/ellibeninca.com.br\/site\/capitulos-em-livros\/\" data-type=\"page\" data-id=\"45\">Cap\u00edtulos em livros<\/a><\/strong><\/li><li><strong><a href=\"http:\/\/ellibeninca.com.br\/site\/livros-sobre-o-elli-beninca\/\" data-type=\"page\" data-id=\"53\">Livros sobre o Pe. Elli Beninc\u00e1<\/a><\/strong><\/li><li><strong><a href=\"http:\/\/ellibeninca.com.br\/site\/outras-producoes\/\" data-type=\"page\" data-id=\"644\">Outros textos e produ\u00e7\u00f5es<\/a><\/strong><\/li><\/ul>\n\n\n\n<p class=\"has-text-color has-medium-font-size\" style=\"color:#5d0fa2\"><strong>Sinta-se \u00e0 vontade para colaborar e mandar seu coment\u00e1rio!<\/strong><\/p>\n","protected":false},"excerpt":{"rendered":"<p>Vida, obra e mem\u00f3ria Bem-vindo a este espa\u00e7o colaborativo que busca contribuir na pesquisa sobre a vida e a obra do padre e professor Elli Beninc\u00e1. Estamos realizando o levantamento das obras produzidas e publicadas por Elli Beninc\u00e1. Al\u00e9m dos livros, tamb\u00e9m \u00e9 importante identificar e resgatar outros textos elaborados ao longo de sua trajet\u00f3ria [&hellip;]<\/p>\n","protected":false},"author":1,"featured_media":0,"parent":0,"menu_order":0,"comment_status":"closed","ping_status":"closed","template":"templates\/template-page-full-width.php","meta":{"footnotes":""},"class_list":["post-640","page","type-page","status-publish","hentry"],"_links":{"self":[{"href":"https:\/\/ellibeninca.com.br\/site\/wp-json\/wp\/v2\/pages\/640","targetHints":{"allow":["GET"]}}],"collection":[{"href":"https:\/\/ellibeninca.com.br\/site\/wp-json\/wp\/v2\/pages"}],"about":[{"href":"https:\/\/ellibeninca.com.br\/site\/wp-json\/wp\/v2\/types\/page"}],"author":[{"embeddable":true,"href":"https:\/\/ellibeninca.com.br\/site\/wp-json\/wp\/v2\/users\/1"}],"replies":[{"embeddable":true,"href":"https:\/\/ellibeninca.com.br\/site\/wp-json\/wp\/v2\/comments?post=640"}],"version-history":[{"count":15,"href":"https:\/\/ellibeninca.com.br\/site\/wp-json\/wp\/v2\/pages\/640\/revisions"}],"predecessor-version":[{"id":665,"href":"https:\/\/ellibeninca.com.br\/site\/wp-json\/wp\/v2\/pages\/640\/revisions\/665"}],"wp:attachment":[{"href":"https:\/\/ellibeninca.com.br\/site\/wp-json\/wp\/v2\/media?parent=640"}],"curies":[{"name":"wp","href":"https:\/\/api.w.org\/{rel}","templated":true}]}}