{"id":687,"date":"2021-11-20T12:58:04","date_gmt":"2021-11-20T12:58:04","guid":{"rendered":"http:\/\/ellibeninca.com.br\/site\/?page_id=687"},"modified":"2021-11-20T14:52:18","modified_gmt":"2021-11-20T14:52:18","slug":"downloads","status":"publish","type":"page","link":"https:\/\/ellibeninca.com.br\/site\/downloads\/","title":{"rendered":"Downloads"},"content":{"rendered":"\n<h2 class=\"wp-block-heading\">Logomarca Pr\u00e1xis Benincaniana<\/h2>\n\n\n\n<hr class=\"wp-block-separator\"\/>\n\n\n\n<p class=\"has-medium-font-size\"><a href=\"http:\/\/ellibeninca.com.br\/download\/Praxis_Benincaniana_apresentacao.pdf\" target=\"_blank\" rel=\"noreferrer noopener\"><strong>Breve apresenta\u00e7\u00e3o da logomarca (arquivo em PDF)<\/strong><\/a><\/p>\n\n\n\n<hr class=\"wp-block-separator\"\/>\n\n\n\n<p class=\"has-medium-font-size\">Logomarca principal<\/p>\n\n\n\n<figure class=\"wp-block-image size-full is-style-default\"><img fetchpriority=\"high\" decoding=\"async\" width=\"800\" height=\"800\" src=\"http:\/\/ellibeninca.com.br\/site\/wp-content\/uploads\/2021\/11\/Praxis_Benincaniana_principal.jpg\" alt=\"\" class=\"wp-image-690\" srcset=\"https:\/\/ellibeninca.com.br\/site\/wp-content\/uploads\/2021\/11\/Praxis_Benincaniana_principal.jpg 800w, https:\/\/ellibeninca.com.br\/site\/wp-content\/uploads\/2021\/11\/Praxis_Benincaniana_principal-300x300.jpg 300w, https:\/\/ellibeninca.com.br\/site\/wp-content\/uploads\/2021\/11\/Praxis_Benincaniana_principal-150x150.jpg 150w, https:\/\/ellibeninca.com.br\/site\/wp-content\/uploads\/2021\/11\/Praxis_Benincaniana_principal-768x768.jpg 768w\" sizes=\"(max-width: 800px) 100vw, 800px\" \/><\/figure>\n\n\n\n<hr class=\"wp-block-separator\"\/>\n\n\n\n<p class=\"has-medium-font-size\">Logomarca na vers\u00e3o horizontal &#8211; para aplica\u00e7\u00f5es com esta necessidade<\/p>\n\n\n\n<figure class=\"wp-block-image size-full is-style-default\"><img decoding=\"async\" width=\"1000\" height=\"350\" src=\"http:\/\/ellibeninca.com.br\/site\/wp-content\/uploads\/2021\/11\/Praxis_Benincaniana_horizontal.jpg\" alt=\"\" class=\"wp-image-691\" srcset=\"https:\/\/ellibeninca.com.br\/site\/wp-content\/uploads\/2021\/11\/Praxis_Benincaniana_horizontal.jpg 1000w, https:\/\/ellibeninca.com.br\/site\/wp-content\/uploads\/2021\/11\/Praxis_Benincaniana_horizontal-300x105.jpg 300w, https:\/\/ellibeninca.com.br\/site\/wp-content\/uploads\/2021\/11\/Praxis_Benincaniana_horizontal-768x269.jpg 768w\" sizes=\"(max-width: 1000px) 100vw, 1000px\" \/><\/figure>\n\n\n\n<hr class=\"wp-block-separator\"\/>\n\n\n\n<p class=\"has-medium-font-size\">Logomarca nas vers\u00f5es negativo e positivo<\/p>\n\n\n\n<figure class=\"wp-block-image size-full is-style-default\"><img decoding=\"async\" width=\"1000\" height=\"383\" src=\"http:\/\/ellibeninca.com.br\/site\/wp-content\/uploads\/2021\/11\/Praxis_Benincaniana_negativo-positivo.jpg\" alt=\"\" class=\"wp-image-692\" srcset=\"https:\/\/ellibeninca.com.br\/site\/wp-content\/uploads\/2021\/11\/Praxis_Benincaniana_negativo-positivo.jpg 1000w, https:\/\/ellibeninca.com.br\/site\/wp-content\/uploads\/2021\/11\/Praxis_Benincaniana_negativo-positivo-300x115.jpg 300w, https:\/\/ellibeninca.com.br\/site\/wp-content\/uploads\/2021\/11\/Praxis_Benincaniana_negativo-positivo-768x294.jpg 768w\" sizes=\"(max-width: 1000px) 100vw, 1000px\" \/><\/figure>\n\n\n\n<hr class=\"wp-block-separator\"\/>\n\n\n\n<p class=\"has-medium-font-size\">Logomarca com transpar\u00eancia &#8211; arquivo PNG<\/p>\n\n\n\n<figure class=\"wp-block-image size-full is-style-default\"><img loading=\"lazy\" decoding=\"async\" width=\"700\" height=\"735\" src=\"http:\/\/ellibeninca.com.br\/site\/wp-content\/uploads\/2021\/11\/Praxis_Benincaniana_transparencia.png\" alt=\"\" class=\"wp-image-693\" srcset=\"https:\/\/ellibeninca.com.br\/site\/wp-content\/uploads\/2021\/11\/Praxis_Benincaniana_transparencia.png 700w, https:\/\/ellibeninca.com.br\/site\/wp-content\/uploads\/2021\/11\/Praxis_Benincaniana_transparencia-286x300.png 286w\" sizes=\"(max-width: 700px) 100vw, 700px\" \/><\/figure>\n\n\n\n<hr class=\"wp-block-separator\"\/>\n\n\n\n<p class=\"has-medium-font-size\">Para outras informa\u00e7\u00f5es ou necessidades espec\u00edficas de arquivos vetorizados, entre em contato atrav\u00e9s do email david@upf.br<\/p>\n\n\n\n<p><\/p>\n","protected":false},"excerpt":{"rendered":"<p>Logomarca Pr\u00e1xis Benincaniana Breve apresenta\u00e7\u00e3o da logomarca (arquivo em PDF) Logomarca principal Logomarca na vers\u00e3o horizontal &#8211; para aplica\u00e7\u00f5es com esta necessidade Logomarca nas vers\u00f5es negativo e positivo Logomarca com transpar\u00eancia &#8211; arquivo PNG Para outras informa\u00e7\u00f5es ou necessidades espec\u00edficas de arquivos vetorizados, entre em contato atrav\u00e9s do email david@upf.br<\/p>\n","protected":false},"author":1,"featured_media":0,"parent":0,"menu_order":0,"comment_status":"closed","ping_status":"closed","template":"templates\/template-page-full-width.php","meta":{"footnotes":""},"class_list":["post-687","page","type-page","status-publish","hentry"],"_links":{"self":[{"href":"https:\/\/ellibeninca.com.br\/site\/wp-json\/wp\/v2\/pages\/687","targetHints":{"allow":["GET"]}}],"collection":[{"href":"https:\/\/ellibeninca.com.br\/site\/wp-json\/wp\/v2\/pages"}],"about":[{"href":"https:\/\/ellibeninca.com.br\/site\/wp-json\/wp\/v2\/types\/page"}],"author":[{"embeddable":true,"href":"https:\/\/ellibeninca.com.br\/site\/wp-json\/wp\/v2\/users\/1"}],"replies":[{"embeddable":true,"href":"https:\/\/ellibeninca.com.br\/site\/wp-json\/wp\/v2\/comments?post=687"}],"version-history":[{"count":7,"href":"https:\/\/ellibeninca.com.br\/site\/wp-json\/wp\/v2\/pages\/687\/revisions"}],"predecessor-version":[{"id":699,"href":"https:\/\/ellibeninca.com.br\/site\/wp-json\/wp\/v2\/pages\/687\/revisions\/699"}],"wp:attachment":[{"href":"https:\/\/ellibeninca.com.br\/site\/wp-json\/wp\/v2\/media?parent=687"}],"curies":[{"name":"wp","href":"https:\/\/api.w.org\/{rel}","templated":true}]}}